{"id":6799,"date":"2022-07-29T09:22:04","date_gmt":"2022-07-29T07:22:04","guid":{"rendered":"https:\/\/www.pranan.com\/legislation-en-vigueur-et-recherches\/"},"modified":"2023-05-02T20:00:35","modified_gmt":"2023-05-02T18:00:35","slug":"legislation-en-vigueur-et-recherches","status":"publish","type":"page","link":"https:\/\/www.pranan.com\/fr\/legislation-en-vigueur-et-recherches\/","title":{"rendered":"L\u00e9gislation en vigueur et recherches"},"content":{"rendered":"<section id=\"bt_section69f3952313dde\"  class=\"boldSection topSmallSpaced gutter boxed inherit\" ><div class=\"port\"><div class=\"boldCell\"><div class=\"boldCellInner\"><div class=\"boldRow \" ><div class=\"boldRowInner\"><div class=\"rowItem col-md-6 col-sm-12 btTextLeft animate animate-fadein inherit\"  data-width=\"6\"><div class=\"rowItemContent\" ><div class=\"btClear btSeparator topSemiSpaced noBorder\" ><hr><\/div><header class=\"header btClear small btDash bottomDash  regular\" style=\"min-height:150px;\"><div class=\"dash\"><h4><span class=\"headline\">Projet REFLEX sur les effets de la pollution \u00e9lectromagn\u00e9tique<\/span><\/h4><\/div><div class=\"btSubTitle\">Le projet REFLEX est une \u00e9tude sur la pollution \u00e9lectromagn\u00e9tique \u00e0 haute fr\u00e9quence dans le domaine des t\u00e9l\u00e9phones portables et de la technologie sans fil financ\u00e9e par l\u2019Union europ\u00e9enne et dont les r\u00e9sultats et les conclusions ont \u00e9t\u00e9 d\u00e9livr\u00e9s en 2004.<\/div><\/header><div class=\"btClear btSeparator topSmallSpaced noBorder\" ><hr><\/div><a href=\"#\" class=\"btBtn btBtn btnFilledStyle btnAccentColor btnMedium btnFullWidth proyecto-reflex btnRightPosition btnIco\" ><span class=\"btnInnerText\">PLUS D&rsquo;INFORMATION<\/span><span class=\"btIco \"><span  data-ico-dv=\"&#xf128;\" class=\"btIcoHolder\"><\/span><\/span><\/a><div class=\"btClear btSeparator topSmallSpaced bottomSmallSpaced noBorder\" ><hr><\/div><\/div><\/div><div class=\"rowItem col-md-6 col-sm-12 btTextLeft animate animate-fadein inherit\"  data-width=\"6\"><div class=\"rowItemContent\" ><div class=\"btClear btSeparator topSemiSpaced noBorder\" ><hr><\/div><header class=\"header btClear small btDash bottomDash  regular\" style=\"min-height:150px;\"><div class=\"dash\"><h4><span class=\"headline\">Rapport de l\u2019influence biologique des champs \u00e9lectromagn\u00e9tiques. Dr. K. Korotkov<\/span><\/h4><\/div><div class=\"btSubTitle\">L\u2019influence biologique des champs \u00e9lectromagn\u00e9tiques dans la gamme des basses et ultra-basses fr\u00e9quences a \u00e9t\u00e9 prouv\u00e9e avec certitude par de nombreuses exp\u00e9riences.<\/div><\/header><div class=\"btClear btSeparator topSmallSpaced noBorder\" ><hr><\/div><a href=\"#\" class=\"btBtn btBtn btnFilledStyle btnAccentColor btnMedium btnFullWidth informe-influencia-biologica btnRightPosition btnIco\" ><span class=\"btnInnerText\">PLUS D&rsquo;INFORMATION<\/span><span class=\"btIco \"><span  data-ico-dv=\"&#xf128;\" class=\"btIcoHolder\"><\/span><\/span><\/a><div class=\"btClear btSeparator topSmallSpaced bottomSmallSpaced noBorder\" ><hr><\/div><\/div><\/div><\/div><\/div><div class=\"boldRow \" ><div class=\"boldRowInner\"><div class=\"rowItem col-md-6 col-sm-12 btTextLeft animate animate-fadein inherit\"  data-width=\"6\"><div class=\"rowItemContent\" ><div class=\"btClear btSeparator topSemiSpaced noBorder\" ><hr><\/div><header class=\"header btClear small btDash bottomDash  regular\" style=\"min-height: 240px;\"><div class=\"dash\"><h4><span class=\"headline\">Rapport scientifique sur l\u2019effet des champs \u00e9lectromagn\u00e9tiques sur le syst\u00e8me endocrinien humain et pathologies associ\u00e9es<\/span><\/h4><\/div><div class=\"btSubTitle\">Le pr\u00e9sent rapport a \u00e9t\u00e9 \u00e9labor\u00e9 et r\u00e9alis\u00e9 par Dar\u00edo Acu\u00f1a Castroviejo, professeur de physiologie de l\u2019Universit\u00e9 de Grenade, secr\u00e9taire de l\u2019Institut de biotechnologie de cette universit\u00e9 et co\u00e9diteur du Journal of Pineal Research, la principale revue scientifique internationale dans le domaine de la m\u00e9latonine. Il s\u2019est pour cela bas\u00e9 sur ses connaissances et son exp\u00e9rience dans la recherche dans le domaine de l\u2019endocrinologie et plus particuli\u00e8rement de la m\u00e9latonine.<\/div><\/header><div class=\"btClear btSeparator topSmallSpaced noBorder\" ><hr><\/div><a href=\"#\" class=\"btBtn btBtn btnFilledStyle btnAccentColor btnMedium btnFullWidth informe-sistema-endocrino btnRightPosition btnIco\" ><span class=\"btnInnerText\">PLUS D&rsquo;INFORMATION<\/span><span class=\"btIco \"><span  data-ico-dv=\"&#xf128;\" class=\"btIcoHolder\"><\/span><\/span><\/a><div class=\"btClear btSeparator topSmallSpaced bottomSmallSpaced noBorder\" ><hr><\/div><\/div><\/div><div class=\"rowItem col-md-6 col-sm-12 btTextLeft animate animate-fadein inherit\"  data-width=\"6\"><div class=\"rowItemContent\" ><div class=\"btClear btSeparator topSemiSpaced noBorder\" ><hr><\/div><header class=\"header btClear small btDash bottomDash  regular\" style=\"min-height:240px;\"><div class=\"dash\"><h4><span class=\"headline\">R\u00e9solution du Parlement europ\u00e9en du 4 septembre 2008.<\/span><\/h4><\/div><div class=\"btSubTitle\">Sur l\u2019\u00e9valuation \u00e0 mi-parcours du plan d\u2019action europ\u00e9en en mati\u00e8re d\u2019environnement et de sant\u00e9 2004-2010, dont les points 21 \u00e0 23 constatent que les recommandations du Conseil europ\u00e9en de 1999 sont obsol\u00e8tes et qu\u2019il convient de tenir compte des derni\u00e8res recherches afin d\u2019abaisser les limites d\u2019expositions aux champs \u00e9lectromagn\u00e9tiques.<\/div><\/header><div class=\"btClear btSeparator topSmallSpaced noBorder\" ><hr><\/div><a href=\"http:\/\/www.europarl.europa.eu\/sides\/getDoc.do?pubRef=-\/\/EP\/\/TEXT+TA+P6-TA-2008-0410+0+DOC+XML+V0\/\/ES\" class=\"btBtn btBtn btnFilledStyle btnAccentColor btnMedium btnFullWidth btnRightPosition btnIco\"  target=\"_blank\"><span class=\"btnInnerText\">PLUS D&rsquo;INFORMATION<\/span><span class=\"btIco \"><span  data-ico-dv=\"&#xf128;\" class=\"btIcoHolder\"><\/span><\/span><\/a><div class=\"btClear btSeparator topSmallSpaced bottomSmallSpaced noBorder\" ><hr><\/div><\/div><\/div><\/div><\/div><div class=\"boldRow \" ><div class=\"boldRowInner\"><div class=\"rowItem col-md-6 col-sm-12 btTextLeft animate animate-fadein inherit\"  data-width=\"6\"><div class=\"rowItemContent\" ><div class=\"btClear btSeparator topSemiSpaced noBorder\" ><hr><\/div><header class=\"header btClear small btDash bottomDash  regular\" style=\"min-height:122px;\"><div class=\"dash\"><h4><span class=\"headline\">Recommandation du Conseil du 12 juillet 1999.<\/span><\/h4><\/div><div class=\"btSubTitle\">Concernant la limitation de l\u2019exposition du public aux champs \u00e9lectromagn\u00e9tiques (0 Hz \u00e0 300 GHz).<\/div><\/header><div class=\"btClear btSeparator topSmallSpaced noBorder\" ><hr><\/div><a href=\"https:\/\/eur-lex.europa.eu\/legal-content\/ES\/TXT\/PDF\/?uri=CELEX:31999H0519&amp;from=ES\" class=\"btBtn btBtn btnFilledStyle btnAccentColor btnMedium btnFullWidth btnRightPosition btnIco\"  target=\"_blank\"><span class=\"btnInnerText\">PLUS D&rsquo;INFORMATION<\/span><span class=\"btIco \"><span  data-ico-dv=\"&#xf128;\" class=\"btIcoHolder\"><\/span><\/span><\/a><div class=\"btClear btSeparator topSmallSpaced bottomSmallSpaced noBorder\" ><hr><\/div><\/div><\/div><div class=\"rowItem col-md-6 col-sm-12 btTextLeft animate animate-fadein inherit\"  data-width=\"6\"><div class=\"rowItemContent\" ><div class=\"btClear btSeparator topSemiSpaced noBorder\" ><hr><\/div><header class=\"header btClear small btDash bottomDash  regular\" style=\"min-height: 122px;\"><div class=\"dash\"><h4><span class=\"headline\">D\u00e9cret Royal 1066\/2001 du 28 septembre.<\/span><\/h4><\/div><div class=\"btSubTitle\">Qui approuve le r\u00e8glement \u00e9tablissant les conditions de protection du domaine public radio\u00e9lectrique, les restrictions des \u00e9missions radio\u00e9lectriques et les mesures de protection sanitaire contre les \u00e9missions radio\u00e9lectriques.<\/div><\/header><div class=\"btClear btSeparator topSmallSpaced noBorder\" ><hr><\/div><a href=\"https:\/\/www.boe.es\/buscar\/pdf\/2001\/BOE-A-2001-18256-consolidado.pdf\" class=\"btBtn btBtn btnFilledStyle btnAccentColor btnMedium btnFullWidth btnRightPosition btnIco\"  target=\"_blank\"><span class=\"btnInnerText\">PLUS D&rsquo;INFORMATION<\/span><span class=\"btIco \"><span  data-ico-dv=\"&#xf128;\" class=\"btIcoHolder\"><\/span><\/span><\/a><div class=\"btClear btSeparator topSmallSpaced bottomSmallSpaced noBorder\" ><hr><\/div><\/div><\/div><\/div><\/div><div class=\"boldRow \" ><div class=\"boldRowInner\"><div class=\"rowItem col-md-6 col-sm-12 btTextLeft animate animate-fadein inherit\"  data-width=\"6\"><div class=\"rowItemContent\" ><div class=\"btClear btSeparator topSemiSpaced noBorder\" ><hr><\/div><header class=\"header btClear small btDash bottomDash  regular\" style=\"min-height:122px;\"><div class=\"dash\"><h4><span class=\"headline\">Rapport du Parlement europ\u00e9en du 23 f\u00e9vrier 2009.<\/span><\/h4><\/div><div class=\"btSubTitle\">Sur les consid\u00e9rations sanitaires li\u00e9es aux champs \u00e9lectromagn\u00e9tiques.<\/div><\/header><div class=\"btClear btSeparator topSmallSpaced noBorder\" ><hr><\/div><a href=\"http:\/\/www.apdr.info\/electrocontaminacion\/Documentos\/ParlamentoEuropeo\/Informe23.02.2009cas.pdf\" class=\"btBtn btBtn btnFilledStyle btnAccentColor btnMedium btnFullWidth btnRightPosition btnIco\"  target=\"_blank\"><span class=\"btnInnerText\">PLUS D&rsquo;INFORMATION<\/span><span class=\"btIco \"><span  data-ico-dv=\"&#xf128;\" class=\"btIcoHolder\"><\/span><\/span><\/a><div class=\"btClear btSeparator topSmallSpaced bottomSmallSpaced noBorder\" ><hr><\/div><\/div><\/div><div class=\"rowItem col-md-6 col-sm-12 btTextLeft animate animate-fadein inherit\"  data-width=\"6\"><div class=\"rowItemContent\" ><div class=\"btClear btSeparator topSemiSpaced noBorder\" ><hr><\/div><header class=\"header btClear small btDash bottomDash  regular\" style=\"min-height: 122px;\"><div class=\"dash\"><h4><span class=\"headline\">Directive 2013\/35\/UE du Parlement europ\u00e9en et du Conseil du 20 juin 2013.<\/span><\/h4><\/div><div class=\"btSubTitle\">Sur les exigences minimales de sant\u00e9 et de s\u00e9curit\u00e9 concernant l\u2019exposition des travailleurs aux risques d\u00e9coulant des agents physiques (champs \u00e9lectromagn\u00e9tiques).<\/div><\/header><div class=\"btClear btSeparator topSmallSpaced noBorder\" ><hr><\/div><a href=\"https:\/\/www.boe.es\/doue\/2013\/179\/L00001-00021.pdf\" class=\"btBtn btBtn btnFilledStyle btnAccentColor btnMedium btnFullWidth btnRightPosition btnIco\"  target=\"_blank\"><span class=\"btnInnerText\">PLUS D&rsquo;INFORMATION<\/span><span class=\"btIco \"><span  data-ico-dv=\"&#xf128;\" class=\"btIcoHolder\"><\/span><\/span><\/a><div class=\"btClear btSeparator topSmallSpaced bottomSmallSpaced noBorder\" ><hr><\/div><\/div><\/div><\/div><\/div><div class=\"boldRow \" ><div class=\"boldRowInner\"><div class=\"rowItem col-md-12 col-ms-12  btTextLeft animate animate-fadein inherit\"  data-width=\"12\"><div class=\"rowItemContent\" ><div class=\"btClear btSeparator topSemiSpaced noBorder\" ><hr><\/div><header class=\"header btClear small btDash bottomDash  regular\" ><div class=\"dash\"><h4><span class=\"headline\">R\u00e9solution 1815 (2011). Assembl\u00e9e parlementaire sur les dangers des champs \u00e9lectromagn\u00e9tiques. Application du principe de pr\u00e9caution.<\/span><\/h4><\/div><div class=\"btSubTitle\">L\u2019Assembl\u00e9e parlementaire a soulign\u00e9 \u00e0 plusieurs reprises l\u2019importance de l\u2019engagement des \u00c9tats \u00e0 pr\u00e9server l\u2019environnement comme l\u2019indiquent de nombreuses chartes, conventions, d\u00e9clarations et protocoles depuis la Conf\u00e9rence des Nations Unies sur l\u2019environnement humain et la D\u00e9claration de Stockholm (1972).<\/div><\/header><div class=\"btClear btSeparator topSmallSpaced noBorder\" ><hr><\/div><a href=\"#\" class=\"btBtn btBtn btnFilledStyle btnAccentColor btnMedium btnFullWidth resolucion-dieciocho-quince btnRightPosition btnIco\" ><span class=\"btnInnerText\">PLUS D&rsquo;INFORMATION<\/span><span class=\"btIco \"><span  data-ico-dv=\"&#xf128;\" class=\"btIcoHolder\"><\/span><\/span><\/a><div class=\"btClear btSeparator topSmallSpaced bottomSmallSpaced noBorder\" ><hr><\/div><\/div><\/div><\/div><\/div><div class=\"boldRow \" ><div class=\"boldRowInner\"><div class=\"rowItem col-md-12 col-ms-12  btTextLeft animate animate-fadein inherit\"  data-width=\"12\"><div class=\"rowItemContent\" ><div class=\"btClear btSeparator topSemiSpaced noBorder\" ><hr><\/div><header class=\"header btClear small btDash bottomDash  regular\" ><div class=\"dash\"><h4><span class=\"headline\">D\u00e9cret Royal 299\/2016 du 22 juillet.<\/span><\/h4><\/div><div class=\"btSubTitle\">Sur la protection de la sant\u00e9 et la s\u00e9curit\u00e9 des travailleurs contre les risques li\u00e9s \u00e0 l\u2019exposition aux champs \u00e9lectromagn\u00e9tiques.<\/div><\/header><div class=\"btClear btSeparator topSmallSpaced noBorder\" ><hr><\/div><a href=\"https:\/\/www.boe.es\/boe\/dias\/2016\/07\/29\/pdfs\/BOE-A-2016-7303.pdf\" class=\"btBtn btBtn btnFilledStyle btnAccentColor btnMedium btnFullWidth btnRightPosition btnIco\"  target=\"_blank\"><span class=\"btnInnerText\">PLUS D&rsquo;INFORMATION<\/span><span class=\"btIco \"><span  data-ico-dv=\"&#xf128;\" class=\"btIcoHolder\"><\/span><\/span><\/a><div class=\"btClear btSeparator topSmallSpaced bottomSmallSpaced noBorder\" ><hr><\/div><\/div><\/div><\/div><\/div><\/div><\/div><\/div><\/section>\n","protected":false},"excerpt":{"rendered":"","protected":false},"author":1,"featured_media":4402,"parent":0,"menu_order":0,"comment_status":"closed","ping_status":"closed","template":"","meta":{"footnotes":""},"class_list":["post-6799","page","type-page","status-publish","has-post-thumbnail","hentry"],"yoast_head":"<!-- This site is optimized with the Yoast SEO plugin v24.9 - https:\/\/yoast.com\/wordpress\/plugins\/seo\/ -->\n<title>L\u00e9gislation en vigueur et recherches - Pranan<\/title>\n<meta name=\"robots\" content=\"index, follow, max-snippet:-1, max-image-preview:large, max-video-preview:-1\" \/>\n<link rel=\"canonical\" href=\"https:\/\/www.pranan.com\/legislacion-vigente-e-investigaciones\/\" \/>\n<meta property=\"og:locale\" content=\"fr_FR\" \/>\n<meta property=\"og:type\" content=\"article\" \/>\n<meta property=\"og:title\" content=\"L\u00e9gislation en vigueur et recherches - Pranan\" \/>\n<meta property=\"og:url\" content=\"https:\/\/www.pranan.com\/legislacion-vigente-e-investigaciones\/\" \/>\n<meta property=\"og:site_name\" content=\"Pranan\" \/>\n<meta property=\"article:modified_time\" content=\"2023-05-02T18:00:35+00:00\" \/>\n<meta property=\"og:image\" content=\"https:\/\/www.pranan.com\/wp-content\/uploads\/2022\/06\/cabecera-ensayos-4.jpg\" \/>\n\t<meta property=\"og:image:width\" content=\"1920\" \/>\n\t<meta property=\"og:image:height\" content=\"450\" \/>\n\t<meta property=\"og:image:type\" content=\"image\/jpeg\" \/>\n<meta name=\"twitter:card\" content=\"summary_large_image\" \/>\n<meta name=\"twitter:label1\" content=\"Dur\u00e9e de lecture estim\u00e9e\" \/>\n\t<meta name=\"twitter:data1\" content=\"10 minutes\" \/>\n<script type=\"application\/ld+json\" class=\"yoast-schema-graph\">{\"@context\":\"https:\/\/schema.org\",\"@graph\":[{\"@type\":\"WebPage\",\"@id\":\"https:\/\/www.pranan.com\/legislacion-vigente-e-investigaciones\/\",\"url\":\"https:\/\/www.pranan.com\/legislacion-vigente-e-investigaciones\/\",\"name\":\"L\u00e9gislation en vigueur et recherches - Pranan\",\"isPartOf\":{\"@id\":\"https:\/\/www.pranan.com\/#website\"},\"primaryImageOfPage\":{\"@id\":\"https:\/\/www.pranan.com\/legislacion-vigente-e-investigaciones\/#primaryimage\"},\"image\":{\"@id\":\"https:\/\/www.pranan.com\/legislacion-vigente-e-investigaciones\/#primaryimage\"},\"thumbnailUrl\":\"https:\/\/www.pranan.com\/wp-content\/uploads\/2022\/06\/cabecera-ensayos-4.jpg\",\"datePublished\":\"2022-07-29T07:22:04+00:00\",\"dateModified\":\"2023-05-02T18:00:35+00:00\",\"breadcrumb\":{\"@id\":\"https:\/\/www.pranan.com\/legislacion-vigente-e-investigaciones\/#breadcrumb\"},\"inLanguage\":\"fr-FR\",\"potentialAction\":[{\"@type\":\"ReadAction\",\"target\":[\"https:\/\/www.pranan.com\/legislacion-vigente-e-investigaciones\/\"]}]},{\"@type\":\"ImageObject\",\"inLanguage\":\"fr-FR\",\"@id\":\"https:\/\/www.pranan.com\/legislacion-vigente-e-investigaciones\/#primaryimage\",\"url\":\"https:\/\/www.pranan.com\/wp-content\/uploads\/2022\/06\/cabecera-ensayos-4.jpg\",\"contentUrl\":\"https:\/\/www.pranan.com\/wp-content\/uploads\/2022\/06\/cabecera-ensayos-4.jpg\",\"width\":1920,\"height\":450},{\"@type\":\"BreadcrumbList\",\"@id\":\"https:\/\/www.pranan.com\/legislacion-vigente-e-investigaciones\/#breadcrumb\",\"itemListElement\":[{\"@type\":\"ListItem\",\"position\":1,\"name\":\"Portada\",\"item\":\"https:\/\/www.pranan.com\/fr\/\"},{\"@type\":\"ListItem\",\"position\":2,\"name\":\"L\u00e9gislation en vigueur et recherches\"}]},{\"@type\":\"WebSite\",\"@id\":\"https:\/\/www.pranan.com\/#website\",\"url\":\"https:\/\/www.pranan.com\/\",\"name\":\"Pranan\",\"description\":\"Researching Center\",\"potentialAction\":[{\"@type\":\"SearchAction\",\"target\":{\"@type\":\"EntryPoint\",\"urlTemplate\":\"https:\/\/www.pranan.com\/?s={search_term_string}\"},\"query-input\":{\"@type\":\"PropertyValueSpecification\",\"valueRequired\":true,\"valueName\":\"search_term_string\"}}],\"inLanguage\":\"fr-FR\"}]}<\/script>\n<!-- \/ Yoast SEO plugin. -->","yoast_head_json":{"title":"L\u00e9gislation en vigueur et recherches - Pranan","robots":{"index":"index","follow":"follow","max-snippet":"max-snippet:-1","max-image-preview":"max-image-preview:large","max-video-preview":"max-video-preview:-1"},"canonical":"https:\/\/www.pranan.com\/legislacion-vigente-e-investigaciones\/","og_locale":"fr_FR","og_type":"article","og_title":"L\u00e9gislation en vigueur et recherches - Pranan","og_url":"https:\/\/www.pranan.com\/legislacion-vigente-e-investigaciones\/","og_site_name":"Pranan","article_modified_time":"2023-05-02T18:00:35+00:00","og_image":[{"width":1920,"height":450,"url":"https:\/\/www.pranan.com\/wp-content\/uploads\/2022\/06\/cabecera-ensayos-4.jpg","type":"image\/jpeg"}],"twitter_card":"summary_large_image","twitter_misc":{"Dur\u00e9e de lecture estim\u00e9e":"10 minutes"},"schema":{"@context":"https:\/\/schema.org","@graph":[{"@type":"WebPage","@id":"https:\/\/www.pranan.com\/legislacion-vigente-e-investigaciones\/","url":"https:\/\/www.pranan.com\/legislacion-vigente-e-investigaciones\/","name":"L\u00e9gislation en vigueur et recherches - Pranan","isPartOf":{"@id":"https:\/\/www.pranan.com\/#website"},"primaryImageOfPage":{"@id":"https:\/\/www.pranan.com\/legislacion-vigente-e-investigaciones\/#primaryimage"},"image":{"@id":"https:\/\/www.pranan.com\/legislacion-vigente-e-investigaciones\/#primaryimage"},"thumbnailUrl":"https:\/\/www.pranan.com\/wp-content\/uploads\/2022\/06\/cabecera-ensayos-4.jpg","datePublished":"2022-07-29T07:22:04+00:00","dateModified":"2023-05-02T18:00:35+00:00","breadcrumb":{"@id":"https:\/\/www.pranan.com\/legislacion-vigente-e-investigaciones\/#breadcrumb"},"inLanguage":"fr-FR","potentialAction":[{"@type":"ReadAction","target":["https:\/\/www.pranan.com\/legislacion-vigente-e-investigaciones\/"]}]},{"@type":"ImageObject","inLanguage":"fr-FR","@id":"https:\/\/www.pranan.com\/legislacion-vigente-e-investigaciones\/#primaryimage","url":"https:\/\/www.pranan.com\/wp-content\/uploads\/2022\/06\/cabecera-ensayos-4.jpg","contentUrl":"https:\/\/www.pranan.com\/wp-content\/uploads\/2022\/06\/cabecera-ensayos-4.jpg","width":1920,"height":450},{"@type":"BreadcrumbList","@id":"https:\/\/www.pranan.com\/legislacion-vigente-e-investigaciones\/#breadcrumb","itemListElement":[{"@type":"ListItem","position":1,"name":"Portada","item":"https:\/\/www.pranan.com\/fr\/"},{"@type":"ListItem","position":2,"name":"L\u00e9gislation en vigueur et recherches"}]},{"@type":"WebSite","@id":"https:\/\/www.pranan.com\/#website","url":"https:\/\/www.pranan.com\/","name":"Pranan","description":"Researching Center","potentialAction":[{"@type":"SearchAction","target":{"@type":"EntryPoint","urlTemplate":"https:\/\/www.pranan.com\/?s={search_term_string}"},"query-input":{"@type":"PropertyValueSpecification","valueRequired":true,"valueName":"search_term_string"}}],"inLanguage":"fr-FR"}]}},"_links":{"self":[{"href":"https:\/\/www.pranan.com\/fr\/wp-json\/wp\/v2\/pages\/6799","targetHints":{"allow":["GET"]}}],"collection":[{"href":"https:\/\/www.pranan.com\/fr\/wp-json\/wp\/v2\/pages"}],"about":[{"href":"https:\/\/www.pranan.com\/fr\/wp-json\/wp\/v2\/types\/page"}],"author":[{"embeddable":true,"href":"https:\/\/www.pranan.com\/fr\/wp-json\/wp\/v2\/users\/1"}],"replies":[{"embeddable":true,"href":"https:\/\/www.pranan.com\/fr\/wp-json\/wp\/v2\/comments?post=6799"}],"version-history":[{"count":1,"href":"https:\/\/www.pranan.com\/fr\/wp-json\/wp\/v2\/pages\/6799\/revisions"}],"predecessor-version":[{"id":6803,"href":"https:\/\/www.pranan.com\/fr\/wp-json\/wp\/v2\/pages\/6799\/revisions\/6803"}],"wp:featuredmedia":[{"embeddable":true,"href":"https:\/\/www.pranan.com\/fr\/wp-json\/wp\/v2\/media\/4402"}],"wp:attachment":[{"href":"https:\/\/www.pranan.com\/fr\/wp-json\/wp\/v2\/media?parent=6799"}],"curies":[{"name":"wp","href":"https:\/\/api.w.org\/{rel}","templated":true}]}}